{"id":227,"date":"2022-03-24T19:24:21","date_gmt":"2022-03-24T19:24:21","guid":{"rendered":"https:\/\/gadlimoncocha.gob.ec\/?page_id=227"},"modified":"2022-09-09T15:51:17","modified_gmt":"2022-09-09T15:51:17","slug":"informe-de-rendicion-de-cuenta-autoriades","status":"publish","type":"page","link":"https:\/\/gadlimoncocha.gob.ec\/?page_id=227","title":{"rendered":"INFORME DE RENDICI\u00d3N DE CUENTA    AUTORIDADES"},"content":{"rendered":"\n<h2 class=\"has-text-align-center wp-block-heading\"><\/h2>\n\n\n\n<p class=\"wp-block-paragraph\">Art. 11.- Obligados a rendir cuentas.- Tienen la obligaci\u00f3n de rendir cuentas las autoridades del<br>Estado electas o de libre remoci\u00f3n, representantes legales de empresas p\u00fablicas o personas<br>jur\u00eddicas del sector privado que manejen fondos p\u00fablicos o desarrollen actividades de inter\u00e9s p\u00fablico,<br>sin perjuicio de la responsabilidad que tienen las y los servidores p\u00fablicos sobre sus actos u<br>omisiones.<br>En caso de incumplimiento por parte de las instituciones y entidades del sector p\u00fablico, el Consejo<br>de Participaci\u00f3n Ciudadana y Control Social remitir\u00e1 la queja a la Contralor\u00eda General del Estado<br>para que inicie el proceso de investigaci\u00f3n sobre la gesti\u00f3n de las autoridades obligadas, sin<br>perjuicio de las sanciones previstas en la Ley Org\u00e1nica de Transparencia y Acceso a la Informaci\u00f3n<br>P\u00fablica por la negaci\u00f3n de informaci\u00f3n.<\/p>\n\n\n\n<p class=\"wp-block-paragraph\"><strong><mark style=\"background-color:rgba(0, 0, 0, 0)\" class=\"has-inline-color has-vivid-cyan-blue-color\">INFORME MENSUAL Y RENDICI\u00d3N DE CUENTAS<\/mark><\/strong><\/p>\n\n\n\n<p class=\"wp-block-paragraph\"><mark style=\"background-color:rgba(0, 0, 0, 0)\" class=\"has-inline-color has-luminous-vivid-amber-color\"><strong>PERIODO ADMINISTRATIVO<\/strong>: <span style=\"text-decoration: underline;\">2019  &#8211;  2023<\/span><\/mark><\/p>\n\n\n<div class=\"wp-block-image is-style-rounded\">\n<figure class=\"aligncenter size-large is-resized\"><img decoding=\"async\" src=\"https:\/\/gadlimoncocha.gob.ec\/wp-content\/uploads\/2022\/03\/IVAN.png\" alt=\"\" width=\"182\" height=\"189\"\/><figcaption>Lcdo. Ivan Cerda <\/figcaption><\/figure>\n<\/div>\n\n\n<figure class=\"wp-block-table\"><table class=\"has-black-color has-electric-grass-gradient-background has-text-color has-background\"><tbody><tr><td class=\"has-text-align-left\" data-align=\"left\"><mark style=\"background-color:#ffffff\" class=\"has-inline-color has-vivid-red-color\">PRESIDENTE<\/mark><\/td><td><\/td><\/tr><tr><td class=\"has-text-align-left\" data-align=\"left\">Informe Mensual y Rendici\u00f3n<strong><strong> de Cuenta <\/strong>:<\/strong><\/td><td>2021<\/td><\/tr><tr><td class=\"has-text-align-left\" data-align=\"left\">ENERO <\/td><td>JULIO <\/td><\/tr><tr><td class=\"has-text-align-left\" data-align=\"left\">FEBRERO <\/td><td>AGOSTO <\/td><\/tr><tr><td class=\"has-text-align-left\" data-align=\"left\">MARZO <\/td><td>SEPTIEMBRE <\/td><\/tr><tr><td class=\"has-text-align-left\" data-align=\"left\">ABRIL<\/td><td>OCTUBRE<\/td><\/tr><tr><td class=\"has-text-align-left\" data-align=\"left\">MAYO <\/td><td>NOVIEMBRE<\/td><\/tr><tr><td class=\"has-text-align-left\" data-align=\"left\">JUNIO <\/td><td>DICIEMBRE<\/td><\/tr><tr><td class=\"has-text-align-left\" data-align=\"left\">INFORME DE RENDICI\u00d3N DE CUENTAS No<\/td><td><\/td><\/tr><\/tbody><\/table><\/figure>\n\n\n<div class=\"wp-block-image is-style-rounded\">\n<figure class=\"aligncenter size-large is-resized\"><img decoding=\"async\" src=\"https:\/\/gadlimoncocha.gob.ec\/wp-content\/uploads\/2022\/05\/abel-2.png\" alt=\"\" width=\"152\" height=\"149\"\/><figcaption>Lcdo. Abed Cerda <\/figcaption><\/figure>\n<\/div>\n\n\n<figure class=\"wp-block-table\"><table class=\"has-black-color has-electric-grass-gradient-background has-text-color has-background\"><tbody><tr><td class=\"has-text-align-left\" data-align=\"left\">VICEPRESIDENTE<\/td><td>COMISI\u00d3N:  DE MEDIO AMBIENTE, SALUD Y AGROPECUARIA<\/td><\/tr><tr><td class=\"has-text-align-left\" data-align=\"left\">Informe Mensual y Rendici\u00f3n<strong><strong> de Cuenta <\/strong>:<\/strong><\/td><td>2021<\/td><\/tr><tr><td class=\"has-text-align-left\" data-align=\"left\">ENERO <\/td><td>JULIO <\/td><\/tr><tr><td class=\"has-text-align-left\" data-align=\"left\">FEBRERO <\/td><td>AGOSTO <\/td><\/tr><tr><td class=\"has-text-align-left\" data-align=\"left\">MARZO <\/td><td>SEPTIEMBRE <\/td><\/tr><tr><td class=\"has-text-align-left\" data-align=\"left\">ABRIL<\/td><td>OCTUBRE<\/td><\/tr><tr><td class=\"has-text-align-left\" data-align=\"left\">MAYO <\/td><td>NOVIEMBRE<\/td><\/tr><tr><td class=\"has-text-align-left\" data-align=\"left\">JUNIO <\/td><td>DICIEMBRE<\/td><\/tr><tr><td class=\"has-text-align-left\" data-align=\"left\">INFORME DE RENDICI\u00d3N DE CUENTAS No<\/td><td><\/td><\/tr><\/tbody><\/table><\/figure>\n\n\n<div class=\"wp-block-image is-style-rounded\">\n<figure class=\"aligncenter size-full is-resized\"><img decoding=\"async\" src=\"https:\/\/gadlimoncocha.gob.ec\/wp-content\/uploads\/2022\/05\/awan.png\" alt=\"\" class=\"wp-image-505\" width=\"153\" height=\"153\" srcset=\"https:\/\/gadlimoncocha.gob.ec\/wp-content\/uploads\/2022\/05\/awan.png 116w, https:\/\/gadlimoncocha.gob.ec\/wp-content\/uploads\/2022\/05\/awan-75x75.png 75w\" sizes=\"(max-width: 153px) 100vw, 153px\" \/><figcaption>Awak W Edwin E<\/figcaption><\/figure>\n<\/div>\n\n\n<figure class=\"wp-block-table\"><table class=\"has-black-color has-electric-grass-gradient-background has-text-color has-background\"><tbody><tr><td class=\"has-text-align-left\" data-align=\"left\"><strong><mark style=\"background-color:rgba(0, 0, 0, 0)\" class=\"has-inline-color has-vivid-green-cyan-color\">P<\/mark><\/strong>RIMER VOCAL <\/td><td>COMISI\u00d3N : DE PLANIFICACI\u00d3N Y PRESUPUESTO<\/td><\/tr><tr><td class=\"has-text-align-left\" data-align=\"left\">Informe Mensual y Rendici\u00f3n<strong><strong> de Cuenta <\/strong>:<\/strong><\/td><td>2021<\/td><\/tr><tr><td class=\"has-text-align-left\" data-align=\"left\">ENERO <\/td><td>JULIO <\/td><\/tr><tr><td class=\"has-text-align-left\" data-align=\"left\">FEBRERO <\/td><td>AGOSTO <\/td><\/tr><tr><td class=\"has-text-align-left\" data-align=\"left\">MARZO <\/td><td>SEPTIEMBRE <\/td><\/tr><tr><td class=\"has-text-align-left\" data-align=\"left\">ABRIL<\/td><td>OCTUBRE<\/td><\/tr><tr><td class=\"has-text-align-left\" data-align=\"left\">MAYO <\/td><td>NOVIEMBRE<\/td><\/tr><tr><td class=\"has-text-align-left\" data-align=\"left\">JUNIO <\/td><td>DICIEMBRE<\/td><\/tr><tr><td class=\"has-text-align-left\" data-align=\"left\">INFORME DE RENDICI\u00d3N DE CUENTAS No<\/td><td><\/td><\/tr><\/tbody><\/table><\/figure>\n\n\n<div class=\"wp-block-image is-style-rounded\">\n<figure class=\"aligncenter size-large is-resized\"><img loading=\"lazy\" decoding=\"async\" src=\"https:\/\/gadlimoncocha.gob.ec\/wp-content\/uploads\/2022\/03\/SAQUEO.png\" alt=\"\" width=\"165\" height=\"164\"\/><figcaption>Lcdo. Saqueo Cerda <\/figcaption><\/figure>\n<\/div>\n\n\n<figure class=\"wp-block-table\"><table class=\"has-black-color has-electric-grass-gradient-background has-text-color has-background\"><tbody><tr><td class=\"has-text-align-left\" data-align=\"left\">SEGUNDO  VOCAL <\/td><td>COMISI\u00d3N : OBRAS PUBLICAS<\/td><\/tr><tr><td class=\"has-text-align-left\" data-align=\"left\">Informe Mensual y Rendici\u00f3n<strong><strong> de Cuenta <\/strong>:<\/strong><\/td><td>2021<\/td><\/tr><tr><td class=\"has-text-align-left\" data-align=\"left\">ENERO <\/td><td>JULIO <\/td><\/tr><tr><td class=\"has-text-align-left\" data-align=\"left\">FEBRERO <\/td><td>AGOSTO <\/td><\/tr><tr><td class=\"has-text-align-left\" data-align=\"left\">MARZO <\/td><td>SEPTIEMBRE <\/td><\/tr><tr><td class=\"has-text-align-left\" data-align=\"left\">ABRIL<\/td><td>OCTUBRE<\/td><\/tr><tr><td class=\"has-text-align-left\" data-align=\"left\">MAYO <\/td><td>NOVIEMBRE<\/td><\/tr><tr><td class=\"has-text-align-left\" data-align=\"left\">JUNIO <\/td><td>DICIEMBRE<\/td><\/tr><tr><td class=\"has-text-align-left\" data-align=\"left\">INFORME DE RENDICI\u00d3N DE CUENTAS No<\/td><td><\/td><\/tr><\/tbody><\/table><\/figure>\n\n\n<div class=\"wp-block-image is-style-rounded\">\n<figure class=\"aligncenter size-full\"><img loading=\"lazy\" decoding=\"async\" width=\"227\" height=\"237\" src=\"https:\/\/gadlimoncocha.gob.ec\/wp-content\/uploads\/2022\/05\/senora.png\" alt=\"\" class=\"wp-image-508\"\/><figcaption>Vega A Miriam L<\/figcaption><\/figure>\n<\/div>\n\n\n<figure class=\"wp-block-table\"><table class=\"has-black-color has-electric-grass-gradient-background has-text-color has-background\"><tbody><tr><td class=\"has-text-align-left\" data-align=\"left\">TERCER  VOCAL <\/td><td>COMISI\u00d3N DE EQUIDAD DE GENERO, EDUCACI\u00d3N DEPORTE Y TURISMO<\/td><\/tr><tr><td class=\"has-text-align-left\" data-align=\"left\">Informe Mensual y Rendici\u00f3n<strong><strong> de Cuenta <\/strong>:<\/strong><\/td><td>2021<\/td><\/tr><tr><td class=\"has-text-align-left\" data-align=\"left\">ENERO <\/td><td>JULIO <\/td><\/tr><tr><td class=\"has-text-align-left\" data-align=\"left\">FEBRERO <\/td><td>AGOSTO <\/td><\/tr><tr><td class=\"has-text-align-left\" data-align=\"left\">MARZO <\/td><td>SEPTIEMBRE <\/td><\/tr><tr><td class=\"has-text-align-left\" data-align=\"left\">ABRIL<\/td><td>OCTUBRE<\/td><\/tr><tr><td class=\"has-text-align-left\" data-align=\"left\">MAYO <\/td><td>NOVIEMBRE<\/td><\/tr><tr><td class=\"has-text-align-left\" data-align=\"left\">JUNIO <\/td><td>DICIEMBRE<\/td><\/tr><tr><td class=\"has-text-align-left\" data-align=\"left\">INFORME DE RENDICI\u00d3N DE CUENTAS No<\/td><td><\/td><\/tr><\/tbody><\/table><\/figure>\n\n\n\n<div class=\"wp-block-group\"><div class=\"wp-block-group__inner-container is-layout-flow wp-block-group-is-layout-flow\"><\/div><\/div>\n","protected":false},"excerpt":{"rendered":"<p>Art. 11.- Obligados a rendir cuentas.- Tienen la obligaci\u00f3n de rendir cuentas las autoridades delEstado electas o de libre remoci\u00f3n, representantes legales de empresas p\u00fablicas o personasjur\u00eddicas del sector privado que manejen fondos p\u00fablicos o desarrollen actividades de inter\u00e9s p\u00fablico,sin perjuicio de la responsabilidad que tienen las y los servidores<\/p>\n","protected":false},"author":1,"featured_media":0,"parent":0,"menu_order":0,"comment_status":"closed","ping_status":"closed","template":"","meta":{"footnotes":""},"class_list":["post-227","page","type-page","status-publish","hentry"],"jetpack_sharing_enabled":true,"_links":{"self":[{"href":"https:\/\/gadlimoncocha.gob.ec\/index.php?rest_route=\/wp\/v2\/pages\/227","targetHints":{"allow":["GET"]}}],"collection":[{"href":"https:\/\/gadlimoncocha.gob.ec\/index.php?rest_route=\/wp\/v2\/pages"}],"about":[{"href":"https:\/\/gadlimoncocha.gob.ec\/index.php?rest_route=\/wp\/v2\/types\/page"}],"author":[{"embeddable":true,"href":"https:\/\/gadlimoncocha.gob.ec\/index.php?rest_route=\/wp\/v2\/users\/1"}],"replies":[{"embeddable":true,"href":"https:\/\/gadlimoncocha.gob.ec\/index.php?rest_route=%2Fwp%2Fv2%2Fcomments&post=227"}],"version-history":[{"count":72,"href":"https:\/\/gadlimoncocha.gob.ec\/index.php?rest_route=\/wp\/v2\/pages\/227\/revisions"}],"predecessor-version":[{"id":702,"href":"https:\/\/gadlimoncocha.gob.ec\/index.php?rest_route=\/wp\/v2\/pages\/227\/revisions\/702"}],"wp:attachment":[{"href":"https:\/\/gadlimoncocha.gob.ec\/index.php?rest_route=%2Fwp%2Fv2%2Fmedia&parent=227"}],"curies":[{"name":"wp","href":"https:\/\/api.w.org\/{rel}","templated":true}]}}